{"id":2560,"date":"2025-12-21T21:34:15","date_gmt":"2025-12-21T13:34:15","guid":{"rendered":"https:\/\/www.weviolin.com\/?post_type=product&#038;p=2560"},"modified":"2026-07-18T22:45:03","modified_gmt":"2026-07-18T14:45:03","slug":"alto-professionnel-en-gros-lva-52","status":"publish","type":"product","link":"https:\/\/www.weviolin.com\/fr\/product\/professional-viola-wholesale-lva-52\/","title":{"rendered":"LVA-52"},"content":{"rendered":"<div data-elementor-type=\"product-post\" data-elementor-id=\"2560\" class=\"elementor elementor-2560\" data-elementor-post-type=\"product\">\n\t\t\t\t<div class=\"elementor-element elementor-element-26e19435 e-flex e-con-boxed e-con e-parent\" data-id=\"26e19435\" data-element_type=\"container\" data-e-type=\"container\">\n\t\t\t\t\t<div class=\"e-con-inner\">\n\t\t\t\t<div class=\"elementor-element elementor-element-7c9c8309 elementor-widget elementor-widget-text-editor\" data-id=\"7c9c8309\" data-element_type=\"widget\" data-e-type=\"widget\" data-widget_type=\"text-editor.default\">\n\t\t\t\t\t\t\t\t\t<img decoding=\"async\" class=\"aligncenter size-full wp-image-2567\" src=\"https:\/\/www.weviolin.com\/wp-content\/uploads\/2025\/12\/viola-oem-odm-bulk-6-15-5in-beginner-student-detail-wev.webp\" alt=\"Vente en gros d&#039;altos professionnels, directement depuis l&#039;usine, destin\u00e9e aux importateurs\" width=\"900\" height=\"428\" srcset=\"https:\/\/www.weviolin.com\/wp-content\/uploads\/2025\/12\/viola-oem-odm-bulk-6-15-5in-beginner-student-detail-wev.webp 900w, https:\/\/www.weviolin.com\/wp-content\/uploads\/2025\/12\/viola-oem-odm-bulk-6-15-5in-beginner-student-detail-wev-300x143.webp 300w, https:\/\/www.weviolin.com\/wp-content\/uploads\/2025\/12\/viola-oem-odm-bulk-6-15-5in-beginner-student-detail-wev-768x365.webp 768w, https:\/\/www.weviolin.com\/wp-content\/uploads\/2025\/12\/viola-oem-odm-bulk-6-15-5in-beginner-student-detail-wev-700x333.webp 700w\" sizes=\"(max-width: 900px) 100vw, 900px\" \/><img decoding=\"async\" class=\"aligncenter size-full wp-image-2569\" src=\"https:\/\/www.weviolin.com\/wp-content\/uploads\/2025\/12\/viola-supplier-exporter-7-15-5in-beginner-student-detail-wev.webp\" alt=\"D\u00e9tail du motif de l&#039;\u00e9rable europ\u00e9en \u2013 vue arri\u00e8re d&#039;un alto professionnel\" width=\"900\" height=\"800\" srcset=\"https:\/\/www.weviolin.com\/wp-content\/uploads\/2025\/12\/viola-supplier-exporter-7-15-5in-beginner-student-detail-wev.webp 900w, https:\/\/www.weviolin.com\/wp-content\/uploads\/2025\/12\/viola-supplier-exporter-7-15-5in-beginner-student-detail-wev-300x267.webp 300w, https:\/\/www.weviolin.com\/wp-content\/uploads\/2025\/12\/viola-supplier-exporter-7-15-5in-beginner-student-detail-wev-768x683.webp 768w, https:\/\/www.weviolin.com\/wp-content\/uploads\/2025\/12\/viola-supplier-exporter-7-15-5in-beginner-student-detail-wev-700x622.webp 700w\" sizes=\"(max-width: 900px) 100vw, 900px\" \/><img decoding=\"async\" class=\"aligncenter size-full wp-image-2564\" src=\"https:\/\/www.weviolin.com\/wp-content\/uploads\/2025\/12\/viola-importer-b2b-supplier-8-15-5in-beginner-student-detail-wev.webp\" alt=\"Vue de profil d&#039;un alto professionnel en vente en gros\" width=\"900\" height=\"708\" srcset=\"https:\/\/www.weviolin.com\/wp-content\/uploads\/2025\/12\/viola-importer-b2b-supplier-8-15-5in-beginner-student-detail-wev.webp 900w, https:\/\/www.weviolin.com\/wp-content\/uploads\/2025\/12\/viola-importer-b2b-supplier-8-15-5in-beginner-student-detail-wev-300x236.webp 300w, https:\/\/www.weviolin.com\/wp-content\/uploads\/2025\/12\/viola-importer-b2b-supplier-8-15-5in-beginner-student-detail-wev-768x604.webp 768w, https:\/\/www.weviolin.com\/wp-content\/uploads\/2025\/12\/viola-importer-b2b-supplier-8-15-5in-beginner-student-detail-wev-700x551.webp 700w\" sizes=\"(max-width: 900px) 100vw, 900px\" \/>\t\t\t\t\t\t\t\t<\/div>\n\t\t\t\t\t<\/div>\n\t\t\t\t<\/div>\n\t\t<div class=\"elementor-element elementor-element-5bfeeed e-flex e-con-boxed e-con e-parent\" data-id=\"5bfeeed\" data-element_type=\"container\" data-e-type=\"container\">\n\t\t\t\t\t<div class=\"e-con-inner\">\n\t\t\t\t<div class=\"elementor-element elementor-element-b83b735 elementor-widget elementor-widget-html\" data-id=\"b83b735\" data-element_type=\"widget\" data-e-type=\"widget\" data-widget_type=\"html.default\">\n\t\t\t\t\t<section>\r\n  <h2 style=\"font-size:24px; text-align:center; margin:18px 0;\">Vente en gros d'altos professionnels pour des gammes de produits haut de gamme<\/h2>\r\n  <p>\r\n    L'achat en gros d'altos professionnels s'effectue avec une approche diff\u00e9rente de celle du stock d'entr\u00e9e de gamme : les acheteurs veillent \u00e0 pr\u00e9server la r\u00e9putation de la marque, les r\u00e9sultats des auditions\n    et le positionnement \u00e0 long terme des revendeurs. Cet alto haut de gamme est con\u00e7u pour les importateurs et les distributeurs qui recherchent des caract\u00e9ristiques techniques raffin\u00e9es \u2014 table en \u00e9pic\u00e9a, fond et \u00e9clisses en \u00e9rable europ\u00e9en\r\n    pour le fond et les \u00e9clisses, des accessoires enti\u00e8rement en \u00e9b\u00e8ne et un \u00e9tui haut de gamme \u2014 tout en exigeant la fiabilit\u00e9 fonctionnelle qui garantit la pr\u00e9visibilit\u00e9 des commandes renouvel\u00e9es. L\u2019objectif\n    est clair : offrir une pr\u00e9sentation haut de gamme sans introduire d\u2019incoh\u00e9rences qui obligeraient les revendeurs \u00e0 refaire des photos ou \u00e0 ren\u00e9gocier leurs attentes.\r\n  <\/p>\r\n  <p>\r\n    Pour plus de clart\u00e9 dans le catalogue, placez cet instrument \u00e0 l'int\u00e9rieur de votre\r\n    <a href=\"https:\/\/www.weviolin.com\/fr\/categorie-produit\/produit\/altos\/altos-de-niveau-professionnel\/\" target=\"_blank\" rel=\"noopener\">Cat\u00e9gorie \u00ab Altos professionnels \u00bb<\/a>\r\n    afin que les acheteurs B2B comprennent imm\u00e9diatement la gamme. De nombreux revendeurs mettent en place une \u00e9chelle de gammes : une offre de base pour les nouveaux \u00e9l\u00e8ves, une gamme interm\u00e9diaire pour les musiciens confirm\u00e9s,\n    et une gamme haut de gamme destin\u00e9e aux auditions, aux chefs d'ensemble et aux studios exigeants. Vous pouvez assurer la clart\u00e9 commerciale de cette \u00e9chelle en faisant r\u00e9f\u00e9rence \u00e0 votre\r\n    <a href=\"https:\/\/www.weviolin.com\/fr\/categorie-produit\/produit\/altos\/altos-intermediaires\/\" target=\"_blank\" rel=\"noopener\">Altos interm\u00e9diaires<\/a>\r\n    comme le parcours \u201c de progression \u201d et votre\r\n    <a href=\"https:\/\/www.weviolin.com\/fr\/categorie-produit\/produit\/altos\/altos-pour-debutants\/\" target=\"_blank\" rel=\"noopener\">Altos pour d\u00e9butants<\/a>\r\n    pour l'acc\u00e8s au programme.\r\n  <\/p>\r\n  <p>\r\n    La sonorit\u00e9 et le r\u00f4le de l\u2019alto sont d\u00e9terminants \u00e0 ce niveau. Un acheteur professionnel s\u2019attend \u00e0 retrouver le timbre t\u00e9nor plus grave et plus chaud qui caract\u00e9rise cet instrument au sein de la famille des violons.\r\n    Pour obtenir une pr\u00e9sentation g\u00e9n\u00e9rale de haut niveau et faisant autorit\u00e9 sur ce qu\u2019est l\u2019alto (et en quoi il diff\u00e8re du violon en termes de fonction et de sonorit\u00e9), les revendeurs peuvent se r\u00e9f\u00e9rer \u00e0 l\u2019Encyclopaedia Britannica.\n    De telles r\u00e9f\u00e9rences p\u00e9dagogiques permettent de dissiper la confusion et d\u2019harmoniser les attentes des clients qui souhaitent passer d\u2019un achat ax\u00e9 sur le violon \u00e0 celui d\u2019un alto.\r\n  <\/p>\r\n  <p>\r\n    \u00c9tant donn\u00e9 que les acheteurs haut de gamme \u00e9valuent les risques, le langage le plus convaincant pour vos arguments de vente est celui qui met l'accent sur les processus. Si vous expliquez comment vous v\u00e9rifiez la qualit\u00e9 de fabrication et la coh\u00e9rence de vos produits, redirigez les acheteurs vers\r\n    <a href=\"https:\/\/www.weviolin.com\/fr\/qc\/\" target=\"_blank\" rel=\"noopener\">Normes de contr\u00f4le qualit\u00e9 et de fabrication<\/a>\r\n    Vos affirmations s'appuient donc sur des crit\u00e8res de contr\u00f4le concrets plut\u00f4t que sur des adjectifs. Les \u00e9quipes d'approvisionnement haut de gamme appr\u00e9cient la clart\u00e9.\r\n  <\/p>\r\n<\/section>\r\n\r\n<section>\r\n  <h2 style=\"font-size:24px; text-align:center; margin:18px 0;\">\u00c9rable europ\u00e9en : une base d'excellence tant sur le plan esth\u00e9tique que structurel<\/h2>\r\n  <p>\r\n    Les acheteurs professionnels d\u2019altos en gros s\u2019int\u00e9ressent souvent \u00e0 l\u201c\u201d \u00e9rable europ\u00e9en \u201c, car celui-ci est synonyme d\u2019un positionnement haut de gamme et d\u2019une strat\u00e9gie de s\u00e9lection des mat\u00e9riaux plus rigoureuse.\n    Du point de vue des revendeurs, l\u2019int\u00e9r\u00eat est double : d\u2019une part, l\u2019identit\u00e9 visuelle du grain de l\u2019\u00e9rable, qui ressort bien sous un \u00e9clairage constant ; d\u2019autre part, la stabilit\u00e9 structurelle qui garantit\n    la p\u00e9rennit\u00e9 du r\u00e9glage \u00e0 long terme, m\u00eame en cas d\u2019utilisation intensive. Un fond et des \u00e9clisses en \u00e9rable europ\u00e9en renforcent l\u2019argumentaire de vente des gammes haut de gamme, en particulier lorsque les revendeurs\n    ont besoin d\u2019un stock qui donne imm\u00e9diatement une impression de \u201d professionnalisme \u00bb, tant sur les photos que lors d\u2019une inspection en personne.\r\n  <\/p>\r\n  <p>\r\n    \u00c0 ce niveau, il est utile de pr\u00e9senter les mat\u00e9riaux sans en faire trop. Une pr\u00e9sentation raffin\u00e9e des mat\u00e9riaux doit se concentrer sur des r\u00e9sultats ma\u00eetrisables : un assemblage stable, une qualit\u00e9 esth\u00e9tique\n    constante et des attentes pr\u00e9visibles en mati\u00e8re de r\u00e9ponse. Lorsque les importateurs distribuent des stocks professionnels sur plusieurs canaux, le principal probl\u00e8me op\u00e9rationnel est la variation entre lots : un envoi\n    qui diff\u00e8re nettement du suivant. L\u2019approvisionnement haut de gamme met donc l\u2019accent sur la rigueur dans le classement et les contr\u00f4les qualit\u00e9. Si vous souhaitez d\u00e9montrer comment vous garantissez\n    la coh\u00e9rence des r\u00e9sultats, \u00e9tayez votre affirmation en vous appuyant sur votre\r\n    <a href=\"https:\/\/www.weviolin.com\/fr\/qc\/\" target=\"_blank\" rel=\"noopener\">Normes de contr\u00f4le qualit\u00e9<\/a>\r\n    et le d\u00e9crire comme un syst\u00e8me reproductible : contr\u00f4les de s\u00e9lection, v\u00e9rification en cours de fabrication et validation lors du contr\u00f4le final.\r\n  <\/p>\r\n  <p>\r\n    Pour les clients proposant des marques de distributeur, l\u2019\u00e9rable europ\u00e9en contribue \u00e9galement \u00e0 la narration de la marque, car les gammes haut de gamme b\u00e9n\u00e9ficient d\u2019une hi\u00e9rarchie des sp\u00e9cifications clairement d\u00e9finie. Si vous proposez des\n    marques de distributeur, des marquages sur les cartons et des encarts d\u2019emballage, indiquez clairement le parcours \u00e0 suivre via\r\n    <a href=\"https:\/\/www.weviolin.com\/fr\/oem\/\" target=\"_blank\" rel=\"noopener\">Services OEM\/ODM<\/a>.\n    L'OEM gagne en cr\u00e9dibilit\u00e9 lorsqu'il est pr\u00e9sent\u00e9 comme un processus standardis\u00e9 plut\u00f4t que comme une vague promesse.\r\n  <\/p>\r\n  <p>\r\n    En fin de compte, la vente en gros d'altos professionnels repose sur la confiance. Lorsque les acheteurs sont capables d'expliquer en quoi les mat\u00e9riaux et les r\u00e9glages sont pertinents, le produit devient plus facile \u00e0 vendre,\n    plus facile \u00e0 commander \u00e0 nouveau et plus facile \u00e0 accompagner au fil du temps.\r\n  <\/p>\r\n<\/section>\r\n\r\n<section>\r\n  <h2 style=\"font-size:24px; text-align:center; margin:18px 0;\">R\u00e9ponse de Spruce Top : le \u201c pourquoi \u201d de l\u2019acheteur professionnel\u201d<\/h2>\r\n  <p>\r\n    Les clients professionnels du commerce de gros sp\u00e9cialis\u00e9s dans l\u2019alto ont besoin d\u2019explications sur les bois de lutherie qui soient cr\u00e9dibles, concises et conformes aux principes fondamentaux de l\u2019acoustique. Une table en \u00e9pic\u00e9a est un choix classique\n    pour de nombreuses applications de table d\u2019harmonie, car le bois id\u00e9al pour la table est souvent d\u00e9crit comme \u00e9tant suffisamment l\u00e9ger pour vibrer et suffisamment rigide pour transmettre efficacement les vibrations. Ceci est important\n    pour les musiciens confirm\u00e9s qui ma\u00eetrisent l\u2019articulation et la dynamique avec plus de pr\u00e9cision que les d\u00e9butants. Une page produit destin\u00e9e aux professionnels doit pr\u00e9senter cela comme un raisonnement fond\u00e9 sur la physique,\n    et non comme un slogan marketing.\r\n  <\/p>\r\n  <p>\r\n    Pour les acheteurs qui souhaitent comprendre les principes de base en termes simples, l\u2019explication fournie par Penn State Extension sur les caract\u00e9ristiques d\u2019un bon bois de lutherie constitue une r\u00e9f\u00e9rence utile (notamment\n    l\u2019id\u00e9e selon laquelle les tables d\u2019harmonie tirent leur meilleur parti d\u2019un bois relativement l\u00e9ger et rigide). Utilisez-la comme r\u00e9f\u00e9rence p\u00e9dagogique, puis ramenez le sujet \u00e0 vos crit\u00e8res de fabrication :\n    si la table d\u2019harmonie est s\u00e9lectionn\u00e9e et trait\u00e9e correctement, la r\u00e9ponse devient plus pr\u00e9visible. C\u2019est cette pr\u00e9visibilit\u00e9 que les \u00e9quipes d\u2019approvisionnement professionnelles recherchent avant tout.\r\n  <\/p>\r\n  <p>\r\n    Dans une optique B2B, le message le plus pertinent est celui de la \u201c r\u00e9ponse reproductible \u201d. Vous pouvez renforcer ce point en d\u00e9crivant comment vous garantissez la coh\u00e9rence : assaisonnement contr\u00f4l\u00e9,\n    assemblage tenant compte de l\u2019humidit\u00e9 et v\u00e9rification de la configuration. Si l\u2019acheteur constitue un stock haut de gamme destin\u00e9 aux auditions ou \u00e0 la direction d\u2019un ensemble, il s\u2019enquerra \u00e9galement de la stabilit\u00e9 du produit lors des\n    changements de saison. Plut\u00f4t que de promettre la perfection, mettez en avant votre comp\u00e9tence op\u00e9rationnelle : points de contr\u00f4le, \u00e9tapes de contr\u00f4le qualit\u00e9 consign\u00e9es et normes d\u2019emballage coh\u00e9rentes.\r\n  <\/p>\r\n  <p>\r\n    Si votre client\u00e8le comprend des studios et des programmes orchestraux, vous pouvez pr\u00e9senter cette gamme professionnelle comme une \u00e9volution logique une fois que les musiciens ont d\u00e9pass\u00e9 le niveau interm\u00e9diaire.\n    En reliant les diff\u00e9rentes gammes entre elles, le processus d'achat devient simple : commencez par\r\n    <a href=\"https:\/\/www.weviolin.com\/fr\/categorie-produit\/produit\/altos\/altos-intermediaires\/\" target=\"_blank\" rel=\"noopener\">Altos interm\u00e9diaires<\/a>,\n    passer \u00e0 une offre professionnelle lorsque la demande est ax\u00e9e sur la performance. Cela favorise la vente incitative sans pour autant imposer une approche commerciale agressive.\r\n  <\/p>\r\n<\/section>\r\n\r\n<section>\r\n  <h2 style=\"font-size:24px; text-align:center; margin:18px 0;\">Accessoires enti\u00e8rement en \u00e9b\u00e8ne : une pr\u00e9sentation professionnelle classique \u00e0 l'\u00e9chelle<\/h2>\r\n  <p>\r\n    Dans le commerce de gros d\u2019altos professionnels, le succ\u00e8s ou l\u2019\u00e9chec se joue souvent d\u00e8s le premier coup d\u2019\u0153il. Des accessoires enti\u00e8rement en \u00e9b\u00e8ne \u2014 touche en \u00e9b\u00e8ne, chevilles en \u00e9b\u00e8ne, cordier en \u00e9b\u00e8ne et mentonni\u00e8re en \u00e9b\u00e8ne \u2014 conf\u00e8rent\n    un aspect professionnel classique et harmonieux qui s\u2019impose quelle que soit la r\u00e9gion ou le style de vente au d\u00e9tail. Pour les importateurs, cette uniformit\u00e9 est importante car elle facilite la standardisation des photos,\n    la coh\u00e9rence des fiches produits et r\u00e9duit les questions li\u00e9es aux \u201c diff\u00e9rences d\u2019aspect \u201d de la part des r\u00e9seaux de revendeurs. Les accessoires en \u00e9b\u00e8ne offrent \u00e9galement un contraste net avec le grain de l\u2019\u00e9rable europ\u00e9en, ce qui contribue \u00e0\n    donner \u00e0 un stock haut de gamme une apparence coh\u00e9rente et soign\u00e9e.\r\n  <\/p>\r\n  <p>\r\n    Concr\u00e8tement, un acheteur professionnel recherche la durabilit\u00e9 et une pr\u00e9sentation fiable. Les \u00e9tudiants avanc\u00e9s et les utilisateurs professionnels s\u2019entra\u00eenent davantage, voyagent plus et soumettent l\u201c\n    instrument \u00e0 des contraintes quotidiennes plus importantes que les clients d\u00e9butants. Un ensemble classique de garnitures en \u00e9b\u00e8ne r\u00e9pond \u00e0 cette r\u00e9alit\u00e9 quotidienne tout en maintenant l\u2019identit\u00e9 visuelle r\u00e9solument dans la\n    cat\u00e9gorie haut de gamme. Sur les pages produits, le meilleur argumentaire est celui de la valeur commerciale : r\u00e9duction des r\u00e9clamations d\u00e8s les premiers temps, aspect stable au fil du temps et mise en vente facilit\u00e9e, car\n    l\u2019instrument \u201d donne imm\u00e9diatement une image professionnelle \u00bb.\r\n  <\/p>\r\n  <p>\r\n    Si vos concessionnaires proposent des packs haut de gamme, veillez \u00e0 ce que l'acc\u00e8s aux accessoires soit clair, sans pour autant d\u00e9tourner l'attention de l'instrument principal. Une \u00e9tape suivante naturelle et discr\u00e8te consiste \u00e0 proposer votre\r\n    <a href=\"https:\/\/www.weviolin.com\/fr\/accessoires\/\" target=\"_blank\" rel=\"noopener\">Catalogue d'accessoires<\/a>\r\n    pour les n\u0153uds, les accessoires de protection et les composants du programme. Quant aux gammes en marque de distributeur, veillez \u00e0 ce que la personnalisation reste rigoureuse gr\u00e2ce \u00e0\r\n    <a href=\"https:\/\/www.weviolin.com\/fr\/oem\/\" target=\"_blank\" rel=\"noopener\">Services OEM<\/a>.\n    Les acheteurs professionnels appr\u00e9cient les syst\u00e8mes ; les syst\u00e8mes favorisent les commandes renouvel\u00e9es.\r\n  <\/p>\r\n  <p>\r\n    Lorsque vous pr\u00e9sentez les accessoires en \u00e9b\u00e8ne comme un moyen d'assurer un positionnement haut de gamme coh\u00e9rent, les acheteurs professionnels de violons en gros en comprennent imm\u00e9diatement la valeur.\r\n  <\/p>\r\n<\/section>\r\n\r\n<section>\r\n  <h2 style=\"font-size:24px; text-align:center; margin:18px 0;\">Bo\u00eetiers haut de gamme, processus d'exportation et logistique adapt\u00e9e aux besoins des achats<\/h2>\r\n  <p>\r\n    La vente en gros de altos professionnels ne se juge pas uniquement \u00e0 l\u2019aune de l\u2019instrument, mais aussi en fonction de la s\u00e9curit\u00e9 avec laquelle il est livr\u00e9 et de la facilit\u00e9 avec laquelle il est possible de passer une nouvelle commande. Un \u00e9tui haut de gamme permet une pr\u00e9sentation plus soign\u00e9e en magasin\n    et offre une meilleure protection lors du transport transfrontalier. Pour les importateurs, la qualit\u00e9 de l\u2019emballage fait partie int\u00e9grante de la gestion des risques : elle r\u00e9duit les taux de dommages, am\u00e9liore l\u2019\n    efficacit\u00e9 de la r\u00e9ception et renforce la valeur per\u00e7ue d\u00e8s l\u2019ouverture du carton.\r\n  <\/p>\r\n  <p>\r\n    La transparence logistique permet de raccourcir le cycle d'achat. Si votre site web publie des informations sur les m\u00e9thodes d'emballage, les d\u00e9lais de livraison et les consignes d'exportation, mentionnez votre\r\n    <a href=\"https:\/\/www.weviolin.com\/fr\/livraison\/\" target=\"_blank\" rel=\"noopener\">Exp\u00e9dition \/ Livraison \/ Emballage<\/a>\r\n    page directement afin que les \u00e9quipes d'approvisionnement puissent v\u00e9rifier l'ad\u00e9quation op\u00e9rationnelle sans avoir \u00e0 attendre de r\u00e9ponses par e-mail. Pour les commandes de niveau \u00ab professionnel \u00bb, les acheteurs ont souvent besoin de pr\u00e9cisions concernant le\n    renforcement des cartons, la protection interne et la conformit\u00e9 de la documentation. Pr\u00e9sentez ces \u00e9l\u00e9ments comme faisant partie int\u00e9grante du processus standard, et non comme des faveurs particuli\u00e8res.\r\n  <\/p>\r\n  <p>\r\n    Le choix de la taille est un autre enjeu majeur dans le cadre des achats professionnels, car des altos \u201c nominalement similaires \u201d peuvent offrir des sensations tr\u00e8s diff\u00e9rentes. Un ouvrage de r\u00e9f\u00e9rence p\u00e9dagogique reconnu aide les revendeurs\n    \u00e0 expliquer la question de l\u2019ajustement \u00e0 une client\u00e8le avertie. Le magazine *The Strad* explique pourquoi la taille et les proportions d\u2019un alto sont importantes, ce qui peut r\u00e9duire le risque de retour pour les commandes haut de gamme et renforcer la confiance des acheteurs.\r\n  <\/p>\r\n  <p>\r\n    Pour les concessionnaires qui ont besoin d'assurer la coh\u00e9rence de leur image de marque, insistez sur le fait que l'offre OEM est disponible et bien structur\u00e9e :\r\n    <a href=\"https:\/\/www.weviolin.com\/fr\/oem\/\" target=\"_blank\" rel=\"noopener\">Services OEM\/ODM<\/a>.\n    Pour ceux qui exigent une preuve de reproductibilit\u00e9, renforcez vos bases en mati\u00e8re d'inspection :\r\n    <a href=\"https:\/\/www.weviolin.com\/fr\/qc\/\" target=\"_blank\" rel=\"noopener\">Normes de contr\u00f4le qualit\u00e9<\/a>.\n    Gr\u00e2ce \u00e0 cette combinaison, l'approvisionnement en gros en altos professionnels appara\u00eet comme une d\u00e9marche ma\u00eetris\u00e9e plut\u00f4t qu'al\u00e9atoire.\r\n  <\/p>\r\n\r\n  <h2 style=\"font-size:24px; text-align:center; margin:18px 0;\">FAQ<\/h2>\r\n  <div>\r\n    <h3>\u00c0 qui s'adresse ce mod\u00e8le d'alto professionnel destin\u00e9 \u00e0 la vente en gros ?<\/h3>\r\n    <p>Il est destin\u00e9 aux importateurs, aux revendeurs et aux studios \u00e0 la recherche de mat\u00e9riel haut de gamme destin\u00e9 aux musiciens confirm\u00e9s, aux auditions et aux programmes tr\u00e8s exigeants.<\/p>\r\n\r\n    <h3>Pourquoi choisir l'\u00e9rable europ\u00e9en pour un niveau professionnel ?<\/h3>\r\n    <p>L'\u00e9rable europ\u00e9en conf\u00e8re une identit\u00e9 visuelle haut de gamme et s'inscrit dans une hi\u00e9rarchie structur\u00e9e des mat\u00e9riaux qui aide les revendeurs \u00e0 positionner de mani\u00e8re coh\u00e9rente leurs produits haut de gamme.<\/p>\r\n\r\n    <h3>Quel est l'int\u00e9r\u00eat d'utiliser des accessoires enti\u00e8rement en \u00e9b\u00e8ne dans le domaine de la vente B2B ?<\/h3>\r\n    <p>Les finitions enti\u00e8rement en \u00e9b\u00e8ne conf\u00e8rent un aspect classique et professionnel qui rend bien en photo, permet de respecter syst\u00e9matiquement les sp\u00e9cifications SKU et renforce la perception de la valeur du produit.<\/p>\r\n\r\n    <h3>Pouvez-vous prendre en charge la personnalisation de la marque et la documentation OEM ?<\/h3>\r\n    <p>Oui. L'\u00e9tiquetage OEM, les marquages sur les cartons et les notices d'emballage peuvent \u00eatre personnalis\u00e9s, et une documentation relative au contr\u00f4le qualit\u00e9 peut \u00eatre fournie en fonction de votre plan de commande.<\/p>\r\n\r\n    <h3>Ce produit est-il adapt\u00e9 \u00e0 une exp\u00e9dition \u00e0 l'exportation ?<\/h3>\r\n    <p>Oui. Une protection haut de gamme des colis, associ\u00e9e \u00e0 des normes d'emballage adapt\u00e9es \u00e0 l'exportation, permet de r\u00e9duire les risques li\u00e9s au transport et de simplifier la r\u00e9ception des marchandises.<\/p>\r\n\r\n    <h3>O\u00f9 peut-on v\u00e9rifier les d\u00e9lais de livraison et les normes d'emballage ?<\/h3>\r\n    <p>Les d\u00e9lais de livraison, les modalit\u00e9s d'emballage et les consignes d'exportation sont r\u00e9sum\u00e9s sur la page \u00ab Exp\u00e9dition \/ Livraison \/ Emballage \u00bb.<\/p>\r\n  <\/div>\r\n<\/section>\r\n\t\t\t\t<\/div>\n\t\t\t\t\t<\/div>\n\t\t\t\t<\/div>\n\t\t\t\t<\/div>","protected":false},"excerpt":{"rendered":"<p>Con\u00e7ue pour les gammes haut de gamme, cette offre professionnelle de vente en gros d\u2019altos privil\u00e9gie les mat\u00e9riaux raffin\u00e9s, une pr\u00e9sentation soign\u00e9e et la stabilit\u00e9 des r\u00e9approvisionnements. Une table en \u00e9pic\u00e9a r\u00e9active est associ\u00e9e \u00e0 un fond et des \u00e9clisses en \u00e9rable europ\u00e9en pour un profil visuel et sonore haut de gamme, tandis que les finitions enti\u00e8rement en \u00e9b\u00e8ne garantissent un aspect classique et homog\u00e8ne d\u2019un lot \u00e0 l\u2019autre. L'\u00e9tui haut de gamme permet une pr\u00e9sentation en magasin de grande qualit\u00e9 et une livraison transfrontali\u00e8re plus s\u00fbre. L'approvisionnement direct depuis l'usine, le marquage OEM, la documentation de contr\u00f4le qualit\u00e9 et un emballage pr\u00eat \u00e0 l'exportation sont disponibles \u2014 une solution con\u00e7ue pour les importateurs et les revendeurs qui ne peuvent se permettre aucune irr\u00e9gularit\u00e9.<\/p>","protected":false},"featured_media":2570,"comment_status":"closed","ping_status":"closed","template":"","meta":{"_acf_changed":false},"product_brand":[],"product_cat":[34,42],"product_tag":[],"class_list":["post-2560","product","type-product","status-publish","has-post-thumbnail","product_cat-violas","product_cat-professional-violas","pa_scrollneck-selected-european-flamed-maple-tonewood","pa_top-plate-belly-premium-spruce","first","instock","shipping-taxable","product-type-simple"],"acf":[],"_links":{"self":[{"href":"https:\/\/www.weviolin.com\/fr\/wp-json\/wp\/v2\/product\/2560","targetHints":{"allow":["GET"]}}],"collection":[{"href":"https:\/\/www.weviolin.com\/fr\/wp-json\/wp\/v2\/product"}],"about":[{"href":"https:\/\/www.weviolin.com\/fr\/wp-json\/wp\/v2\/types\/product"}],"replies":[{"embeddable":true,"href":"https:\/\/www.weviolin.com\/fr\/wp-json\/wp\/v2\/comments?post=2560"}],"version-history":[{"count":0,"href":"https:\/\/www.weviolin.com\/fr\/wp-json\/wp\/v2\/product\/2560\/revisions"}],"wp:featuredmedia":[{"embeddable":true,"href":"https:\/\/www.weviolin.com\/fr\/wp-json\/wp\/v2\/media\/2570"}],"wp:attachment":[{"href":"https:\/\/www.weviolin.com\/fr\/wp-json\/wp\/v2\/media?parent=2560"}],"wp:term":[{"taxonomy":"product_brand","embeddable":true,"href":"https:\/\/www.weviolin.com\/fr\/wp-json\/wp\/v2\/product_brand?post=2560"},{"taxonomy":"product_cat","embeddable":true,"href":"https:\/\/www.weviolin.com\/fr\/wp-json\/wp\/v2\/product_cat?post=2560"},{"taxonomy":"product_tag","embeddable":true,"href":"https:\/\/www.weviolin.com\/fr\/wp-json\/wp\/v2\/product_tag?post=2560"}],"curies":[{"name":"wp","href":"https:\/\/api.w.org\/{rel}","templated":true}]}}